{"id":7259,"date":"2015-11-11T14:28:27","date_gmt":"2015-11-11T22:28:27","guid":{"rendered":"https:\/\/vermont.salk.edu\/?page_id=7259"},"modified":"2024-02-02T21:48:10","modified_gmt":"2024-02-03T05:48:10","slug":"faq-on-pancreatic-cancer-and-vitamin-d","status":"publish","type":"page","link":"https:\/\/www.salk.edu\/es\/news\/salk-news\/faq-on-pancreatic-cancer-and-vitamin-d\/","title":{"rendered":"Preguntas frecuentes sobre el c\u00e1ncer de p\u00e1ncreas y la vitamina D"},"content":{"rendered":"<\/p>\n<h2><center>Preguntas frecuentes sobre el c\u00e1ncer de p\u00e1ncreas y la vitamina D<\/center><\/h2>\n<\/p>\n<p>\n<strong>\u00bfQu\u00e9 es la vitamina D?<\/strong><br \/>\nLa vitamina D es un compuesto que adopta varias formas. Los humanos obtienen la vitamina D a trav\u00e9s de diversos alimentos, as\u00ed como por la exposici\u00f3n a la luz solar (que hace que las c\u00e9lulas de la piel produzcan vitamina D).\n<\/p>\n<p>\n<strong>\u00bfC\u00f3mo combate la vitamina D el c\u00e1ncer?<\/strong><br \/>\nEste \u00faltimo estudio muestra que una variaci\u00f3n de una forma de vitamina D podr\u00eda aumentar la efectividad de la quimioterapia en el c\u00e1ncer de p\u00e1ncreas al ayudar a revertir la inflamaci\u00f3n en el tejido que rodea un tumor.\n<\/p>\n<p>\n<strong>\u00bfDebo tomar vitamina D si tengo c\u00e1ncer?<\/strong><br \/>\nHasta ahora, ning\u00fan estudio ha demostrado que los suplementos de vitamina D de venta libre tengan un efecto positivo en la salud para el c\u00e1ncer. Este estudio sugiere que una forma de vitamina D reci\u00e9n dise\u00f1ada (no disponible para la venta) podr\u00eda ayudar a combatir el c\u00e1ncer de p\u00e1ncreas cuando se usa en combinaci\u00f3n con quimioterapia. A\u00fan no hay resultados sobre su efecto en otros tipos de c\u00e1ncer. Por s\u00ed sola, la nueva forma de vitamina D no combate el c\u00e1ncer.\n<\/p>\n<p>\n<strong>\u00bfC\u00f3mo puedo inscribirme en un ensayo cl\u00ednico sobre este trabajo?<\/strong><br \/>\nEl Instituto Salk no realiza ensayos en humanos, pero colaboramos con una variedad de institutos de investigaci\u00f3n y hospitales para probar investigaciones. Por favor, visite <a href=\"http:\/\/clinicaltrials.gov\" target=\"_blank\" rel=\"noopener\">clinicaltrials.gov<\/a> para ver qu\u00e9 juicios est\u00e1n abiertos. Para encontrar informaci\u00f3n sobre el juicio actual relacionado con este trabajo, visite <a href=\"http:\/\/clinicaltrials.gov\" target=\"_blank\" rel=\"noopener\">este enlace<\/a> o por correo electr\u00f3nico <a href=\"mailto:PennCancerTrials@emergingmed.com\">PennCancerTrials@emergingmed.com<\/a>.\n<\/p>\n<p>\n<strong>\u00bfCu\u00e1ndo estar\u00e1 disponible este medicamento?<\/strong><br \/>\nLos investigadores est\u00e1n trabajando lo m\u00e1s r\u00e1pido posible para probar la seguridad y la eficacia de este compuesto, que podr\u00eda tardar varios a\u00f1os en convertirse en una terapia segura y probada.\n<\/p>\n<p>\n<strong>\u00bfC\u00f3mo puedo apoyar esta obra?<\/strong><br \/>\nPara donar a los programas de investigaci\u00f3n sobre el c\u00e1ncer del Instituto Salk, por favor, contacte al equipo de Desarrollo en <a href=\"mailto:giving@salk.edu\">giving@salk.edu<\/a>.<\/p>","protected":false},"excerpt":{"rendered":"<\/p>","protected":false},"author":91,"featured_media":0,"parent":90,"menu_order":0,"comment_status":"closed","ping_status":"closed","template":"","meta":{"_acf_changed":false,"footnotes":""},"folder":[550],"class_list":["post-7259","page","type-page","status-publish","hentry"],"acf":[],"yoast_head":"<!-- This site is optimized with the Yoast SEO plugin v27.3 - https:\/\/yoast.com\/product\/yoast-seo-wordpress\/ -->\n<title>FAQ on Pancreatic Cancer and Vitamin D - Salk Institute for Biological Studies<\/title>\n<meta name=\"robots\" content=\"index, follow, max-snippet:-1, max-image-preview:large, max-video-preview:-1\" \/>\n<link rel=\"canonical\" href=\"https:\/\/www.salk.edu\/es\/news\/salk-news\/faq-on-pancreatic-cancer-and-vitamin-d\/\" \/>\n<meta property=\"og:locale\" content=\"es_MX\" \/>\n<meta property=\"og:type\" content=\"article\" \/>\n<meta property=\"og:title\" content=\"FAQ on Pancreatic Cancer and Vitamin D - Salk Institute for Biological Studies\" \/>\n<meta property=\"og:url\" content=\"https:\/\/www.salk.edu\/es\/news\/salk-news\/faq-on-pancreatic-cancer-and-vitamin-d\/\" \/>\n<meta property=\"og:site_name\" content=\"Salk Institute for Biological Studies\" \/>\n<meta property=\"article:modified_time\" content=\"2024-02-03T05:48:10+00:00\" \/>\n<meta property=\"og:image\" content=\"https:\/\/www.salk.edu\/wp-content\/uploads\/2023\/03\/salk-institute-preview-image.jpg\" \/>\n\t<meta property=\"og:image:width\" content=\"628\" \/>\n\t<meta property=\"og:image:height\" content=\"329\" \/>\n\t<meta property=\"og:image:type\" content=\"image\/jpeg\" \/>\n<meta name=\"twitter:card\" content=\"summary_large_image\" \/>\n<meta name=\"twitter:label1\" content=\"Est. reading time\" \/>\n\t<meta name=\"twitter:data1\" content=\"2 minutes\" \/>\n<script type=\"application\/ld+json\" class=\"yoast-schema-graph\">{\"@context\":\"https:\\\/\\\/schema.org\",\"@graph\":[{\"@type\":\"WebPage\",\"@id\":\"https:\\\/\\\/www.salk.edu\\\/news\\\/salk-news\\\/faq-on-pancreatic-cancer-and-vitamin-d\\\/\",\"url\":\"https:\\\/\\\/www.salk.edu\\\/news\\\/salk-news\\\/faq-on-pancreatic-cancer-and-vitamin-d\\\/\",\"name\":\"FAQ on Pancreatic Cancer and Vitamin D - Salk Institute for Biological Studies\",\"isPartOf\":{\"@id\":\"https:\\\/\\\/www.salk.edu\\\/#website\"},\"datePublished\":\"2015-11-11T22:28:27+00:00\",\"dateModified\":\"2024-02-03T05:48:10+00:00\",\"breadcrumb\":{\"@id\":\"https:\\\/\\\/www.salk.edu\\\/news\\\/salk-news\\\/faq-on-pancreatic-cancer-and-vitamin-d\\\/#breadcrumb\"},\"inLanguage\":\"es-MX\",\"potentialAction\":[{\"@type\":\"ReadAction\",\"target\":[\"https:\\\/\\\/www.salk.edu\\\/news\\\/salk-news\\\/faq-on-pancreatic-cancer-and-vitamin-d\\\/\"]}]},{\"@type\":\"BreadcrumbList\",\"@id\":\"https:\\\/\\\/www.salk.edu\\\/news\\\/salk-news\\\/faq-on-pancreatic-cancer-and-vitamin-d\\\/#breadcrumb\",\"itemListElement\":[{\"@type\":\"ListItem\",\"position\":1,\"name\":\"Home\",\"item\":\"https:\\\/\\\/www.salk.edu\\\/\"},{\"@type\":\"ListItem\",\"position\":2,\"name\":\"News\",\"item\":\"https:\\\/\\\/www.salk.edu\\\/news\\\/\"},{\"@type\":\"ListItem\",\"position\":3,\"name\":\"Salk News\",\"item\":\"https:\\\/\\\/www.salk.edu\\\/news\\\/salk-news\\\/\"},{\"@type\":\"ListItem\",\"position\":4,\"name\":\"FAQ on Pancreatic Cancer and Vitamin D\"}]},{\"@type\":\"WebSite\",\"@id\":\"https:\\\/\\\/www.salk.edu\\\/#website\",\"url\":\"https:\\\/\\\/www.salk.edu\\\/\",\"name\":\"Salk Institute for Biological Studies\",\"description\":\"The Power of Science\",\"publisher\":{\"@id\":\"https:\\\/\\\/www.salk.edu\\\/#organization\"},\"potentialAction\":[{\"@type\":\"SearchAction\",\"target\":{\"@type\":\"EntryPoint\",\"urlTemplate\":\"https:\\\/\\\/www.salk.edu\\\/?s={search_term_string}\"},\"query-input\":{\"@type\":\"PropertyValueSpecification\",\"valueRequired\":true,\"valueName\":\"search_term_string\"}}],\"inLanguage\":\"es-MX\"},{\"@type\":\"Organization\",\"@id\":\"https:\\\/\\\/www.salk.edu\\\/#organization\",\"name\":\"Salk Institute for Biological Studies\",\"url\":\"https:\\\/\\\/www.salk.edu\\\/\",\"logo\":{\"@type\":\"ImageObject\",\"inLanguage\":\"es-MX\",\"@id\":\"https:\\\/\\\/www.salk.edu\\\/#\\\/schema\\\/logo\\\/image\\\/\",\"url\":\"http:\\\/\\\/www.salk.edu\\\/wp-content\\\/uploads\\\/2023\\\/03\\\/salk_logo_696.jpg\",\"contentUrl\":\"http:\\\/\\\/www.salk.edu\\\/wp-content\\\/uploads\\\/2023\\\/03\\\/salk_logo_696.jpg\",\"width\":696,\"height\":696,\"caption\":\"Salk Institute for Biological Studies\"},\"image\":{\"@id\":\"https:\\\/\\\/www.salk.edu\\\/#\\\/schema\\\/logo\\\/image\\\/\"}}]}<\/script>\n<!-- \/ Yoast SEO plugin. -->","yoast_head_json":{"title":"FAQ on Pancreatic Cancer and Vitamin D - Salk Institute for Biological Studies","robots":{"index":"index","follow":"follow","max-snippet":"max-snippet:-1","max-image-preview":"max-image-preview:large","max-video-preview":"max-video-preview:-1"},"canonical":"https:\/\/www.salk.edu\/es\/news\/salk-news\/faq-on-pancreatic-cancer-and-vitamin-d\/","og_locale":"es_MX","og_type":"article","og_title":"FAQ on Pancreatic Cancer and Vitamin D - Salk Institute for Biological Studies","og_url":"https:\/\/www.salk.edu\/es\/news\/salk-news\/faq-on-pancreatic-cancer-and-vitamin-d\/","og_site_name":"Salk Institute for Biological Studies","article_modified_time":"2024-02-03T05:48:10+00:00","og_image":[{"width":628,"height":329,"url":"https:\/\/www.salk.edu\/wp-content\/uploads\/2023\/03\/salk-institute-preview-image.jpg","type":"image\/jpeg"}],"twitter_card":"summary_large_image","twitter_misc":{"Est. reading time":"2 minutes"},"schema":{"@context":"https:\/\/schema.org","@graph":[{"@type":"WebPage","@id":"https:\/\/www.salk.edu\/news\/salk-news\/faq-on-pancreatic-cancer-and-vitamin-d\/","url":"https:\/\/www.salk.edu\/news\/salk-news\/faq-on-pancreatic-cancer-and-vitamin-d\/","name":"FAQ on Pancreatic Cancer and Vitamin D - Salk Institute for Biological Studies","isPartOf":{"@id":"https:\/\/www.salk.edu\/#website"},"datePublished":"2015-11-11T22:28:27+00:00","dateModified":"2024-02-03T05:48:10+00:00","breadcrumb":{"@id":"https:\/\/www.salk.edu\/news\/salk-news\/faq-on-pancreatic-cancer-and-vitamin-d\/#breadcrumb"},"inLanguage":"es-MX","potentialAction":[{"@type":"ReadAction","target":["https:\/\/www.salk.edu\/news\/salk-news\/faq-on-pancreatic-cancer-and-vitamin-d\/"]}]},{"@type":"BreadcrumbList","@id":"https:\/\/www.salk.edu\/news\/salk-news\/faq-on-pancreatic-cancer-and-vitamin-d\/#breadcrumb","itemListElement":[{"@type":"ListItem","position":1,"name":"Home","item":"https:\/\/www.salk.edu\/"},{"@type":"ListItem","position":2,"name":"News","item":"https:\/\/www.salk.edu\/news\/"},{"@type":"ListItem","position":3,"name":"Salk News","item":"https:\/\/www.salk.edu\/news\/salk-news\/"},{"@type":"ListItem","position":4,"name":"FAQ on Pancreatic Cancer and Vitamin D"}]},{"@type":"WebSite","@id":"https:\/\/www.salk.edu\/#website","url":"https:\/\/www.salk.edu\/","name":"Instituto Salk de Estudios Biol\u00f3gicos","description":"El Poder de la Ciencia","publisher":{"@id":"https:\/\/www.salk.edu\/#organization"},"potentialAction":[{"@type":"SearchAction","target":{"@type":"EntryPoint","urlTemplate":"https:\/\/www.salk.edu\/?s={search_term_string}"},"query-input":{"@type":"PropertyValueSpecification","valueRequired":true,"valueName":"search_term_string"}}],"inLanguage":"es-MX"},{"@type":"Organization","@id":"https:\/\/www.salk.edu\/#organization","name":"Instituto Salk de Estudios Biol\u00f3gicos","url":"https:\/\/www.salk.edu\/","logo":{"@type":"ImageObject","inLanguage":"es-MX","@id":"https:\/\/www.salk.edu\/#\/schema\/logo\/image\/","url":"http:\/\/www.salk.edu\/wp-content\/uploads\/2023\/03\/salk_logo_696.jpg","contentUrl":"http:\/\/www.salk.edu\/wp-content\/uploads\/2023\/03\/salk_logo_696.jpg","width":696,"height":696,"caption":"Salk Institute for Biological Studies"},"image":{"@id":"https:\/\/www.salk.edu\/#\/schema\/logo\/image\/"}}]}},"ACF":{"gallery":false,"secondary_navigation":false,"salk_custom_body_class":""},"_links":{"self":[{"href":"https:\/\/www.salk.edu\/es\/wp-json\/wp\/v2\/pages\/7259","targetHints":{"allow":["GET"]}}],"collection":[{"href":"https:\/\/www.salk.edu\/es\/wp-json\/wp\/v2\/pages"}],"about":[{"href":"https:\/\/www.salk.edu\/es\/wp-json\/wp\/v2\/types\/page"}],"author":[{"embeddable":true,"href":"https:\/\/www.salk.edu\/es\/wp-json\/wp\/v2\/users\/91"}],"replies":[{"embeddable":true,"href":"https:\/\/www.salk.edu\/es\/wp-json\/wp\/v2\/comments?post=7259"}],"version-history":[{"count":3,"href":"https:\/\/www.salk.edu\/es\/wp-json\/wp\/v2\/pages\/7259\/revisions"}],"predecessor-version":[{"id":36501,"href":"https:\/\/www.salk.edu\/es\/wp-json\/wp\/v2\/pages\/7259\/revisions\/36501"}],"up":[{"embeddable":true,"href":"https:\/\/www.salk.edu\/es\/wp-json\/wp\/v2\/pages\/90"}],"wp:attachment":[{"href":"https:\/\/www.salk.edu\/es\/wp-json\/wp\/v2\/media?parent=7259"}],"wp:term":[{"taxonomy":"folder","embeddable":true,"href":"https:\/\/www.salk.edu\/es\/wp-json\/wp\/v2\/folder?post=7259"}],"curies":[{"name":"la hora de","href":"https:\/\/api.w.org\/{rel}","templated":true}]}}