{"id":38459,"date":"2023-02-24T00:00:24","date_gmt":"2023-02-24T08:00:24","guid":{"rendered":"https:\/\/vermont.salk.edu\/?post_type=disclosure&#038;p=38459"},"modified":"2024-01-30T14:17:37","modified_gmt":"2024-01-30T22:17:37","slug":"salk-institute-professors-joanne-chory-and-wolfgang-busch-to-speak-at-plantact","status":"publish","type":"disclosure","link":"https:\/\/www.salk.edu\/de\/news-release\/salk-institute-professors-joanne-chory-and-wolfgang-busch-to-speak-at-plantact\/","title":{"rendered":"Salk Institute Professoren Joanne Chory und Wolfgang Busch sprechen bei PlantACT!"},"content":{"rendered":"<p>LA JOLLA\u2014PlantACT! Plants for Climate Action, eine europ\u00e4ische Initiative zur B\u00fcndelung von Pflanzenwissenschaftlern zur Bek\u00e4mpfung des Klimawandels, wird Salk-Professoren willkommen hei\u00dfen <a href=\"https:\/\/www.salk.edu\/de\/scientist\/joanne-chory\/\">Joanne Chory<\/a> und <a href=\"https:\/\/www.salk.edu\/de\/scientist\/wolfgang-busch\/\">Wolfgang Busch<\/a> zu einer bevorstehenden zweit\u00e4gigen Veranstaltung in New York City. Die Veranstaltung mit dem Titel \u2019Growing a Resilient Society\", die vom New Yorker B\u00fcro der Universit\u00e4t zu K\u00f6ln und Partnern veranstaltet wird, umfasst eine kostenlose \u00f6ffentliche Podiumsdiskussion mit Chory und eine nur auf Einladung zug\u00e4ngliche Expertenwerkstatt mit einer Forschungspr\u00e4sentation von Busch.<\/p>\n<figure id=\"attachment_38466\"  class=\"wp-caption alignright\"><img loading=\"lazy\" decoding=\"async\" width=\"300\" height=\"150\" class=\"img-responsive wp-image-38466 size-pr-300\" src=\"https:\/\/www.salk.edu\/wp-content\/uploads\/2023\/02\/Wolfgang-Busch-Joanne-Chory-1500-300x150.jpg\" alt=\"Wolfgang Busch and Joanne Chory \" srcset=\"https:\/\/www.salk.edu\/wp-content\/uploads\/2023\/02\/Wolfgang-Busch-Joanne-Chory-1500-300x150.jpg 300w, https:\/\/www.salk.edu\/wp-content\/uploads\/2023\/02\/Wolfgang-Busch-Joanne-Chory-1500-1024x512.jpg 1024w, https:\/\/www.salk.edu\/wp-content\/uploads\/2023\/02\/Wolfgang-Busch-Joanne-Chory-1500-768x384.jpg 768w, https:\/\/www.salk.edu\/wp-content\/uploads\/2023\/02\/Wolfgang-Busch-Joanne-Chory-1500-147x74.jpg 147w, https:\/\/www.salk.edu\/wp-content\/uploads\/2023\/02\/Wolfgang-Busch-Joanne-Chory-1500-458x229.jpg 458w, https:\/\/www.salk.edu\/wp-content\/uploads\/2023\/02\/Wolfgang-Busch-Joanne-Chory-1500-585x293.jpg 585w, https:\/\/www.salk.edu\/wp-content\/uploads\/2023\/02\/Wolfgang-Busch-Joanne-Chory-1500-553x277.jpg 553w, https:\/\/www.salk.edu\/wp-content\/uploads\/2023\/02\/Wolfgang-Busch-Joanne-Chory-1500-750x375.jpg 750w, https:\/\/www.salk.edu\/wp-content\/uploads\/2023\/02\/Wolfgang-Busch-Joanne-Chory-1500-767x384.jpg 767w, https:\/\/www.salk.edu\/wp-content\/uploads\/2023\/02\/Wolfgang-Busch-Joanne-Chory-1500-945x473.jpg 945w, https:\/\/www.salk.edu\/wp-content\/uploads\/2023\/02\/Wolfgang-Busch-Joanne-Chory-1500-1250x625.jpg 1250w, https:\/\/www.salk.edu\/wp-content\/uploads\/2023\/02\/Wolfgang-Busch-Joanne-Chory-1500-400x200.jpg 400w, https:\/\/www.salk.edu\/wp-content\/uploads\/2023\/02\/Wolfgang-Busch-Joanne-Chory-1500.jpg 1500w\" sizes=\"auto, (max-width: 300px) 100vw, 300px\" \/><figcaption class=\"wp-caption-text\">Von links: Wolfgang Busch und Joanne Chory.<br \/><a href=\"https:\/\/www.salk.edu\/wp-content\/uploads\/2023\/02\/Wolfgang-Busch-Joanne-Chory-1500.jpg\">Klicken Sie hier<\/a> f\u00fcr ein hochaufl\u00f6sendes Bild.<br \/>Kredit: Salk Institut<\/figcaption><\/figure>\n<p>\u201cIch freue mich sehr, dass Pflanzenforscher aus aller Welt zusammenkommen, um \u00fcber L\u00f6sungen zur Bew\u00e4ltigung des Klimawandels zu diskutieren\u201d, sagt Chory, Gr\u00fcndungsdirektorin des Salk Institute. <a href=\"https:\/\/www.salk.edu\/de\/harnessing-plants-initiative\/\">Initiative zur Nutzung von Pflanzen (HPI)<\/a>, Direktor des Labors f\u00fcr molekulare und zellul\u00e4re Pflanzenbiologie des Salk Institute, Investigator des Howard Hughes Medical Institute und Inhaber des Howard H. und Maryam R. Newman Chair in Pflanzenbiologie. \u201cDies ist ein globales Problem, daher brauchen wir ein globales Expertenteam, um Ressourcen zu teilen und Forschungsergebnisse zu verbreiten. Wenn Sie auf Planet Erde leben, sollten Sie an dem \u00f6ffentlichen Podiumsgespr\u00e4ch teilnehmen!\u201d<\/p>\n<p>PlantACT! wurde auf der Pr\u00e4misse gegr\u00fcndet, dass Treibhausgasemissionen eine globale Klimakrise verursacht haben. Bemerkenswerterweise sind bis zu 25 Prozent dieser Emissionen auf die derzeitige Land- und Forstwirtschaft zur\u00fcckzuf\u00fchren. Um diesen Prozentsatz zu reduzieren, vereint PlantACT! Pflanzenforscher, um alternative L\u00f6sungen f\u00fcr die Bewirtschaftung von Land- und Forstwirtschaft zu entwickeln, um Nachhaltigkeit zu erreichen.<\/p>\n<figure id=\"attachment_38472\"  class=\"wp-caption alignleft\"><img loading=\"lazy\" decoding=\"async\" width=\"300\" height=\"200\" class=\"img-responsive wp-image-38472 size-pr-300\" src=\"https:\/\/www.salk.edu\/wp-content\/uploads\/2023\/02\/MG_3873-1500-300x200.jpg\" alt=\"Plant roots\" srcset=\"https:\/\/www.salk.edu\/wp-content\/uploads\/2023\/02\/MG_3873-1500-300x200.jpg 300w, https:\/\/www.salk.edu\/wp-content\/uploads\/2023\/02\/MG_3873-1500-1024x683.jpg 1024w, https:\/\/www.salk.edu\/wp-content\/uploads\/2023\/02\/MG_3873-1500-768x512.jpg 768w, https:\/\/www.salk.edu\/wp-content\/uploads\/2023\/02\/MG_3873-1500-147x98.jpg 147w, https:\/\/www.salk.edu\/wp-content\/uploads\/2023\/02\/MG_3873-1500-458x305.jpg 458w, https:\/\/www.salk.edu\/wp-content\/uploads\/2023\/02\/MG_3873-1500-585x390.jpg 585w, https:\/\/www.salk.edu\/wp-content\/uploads\/2023\/02\/MG_3873-1500-553x369.jpg 553w, https:\/\/www.salk.edu\/wp-content\/uploads\/2023\/02\/MG_3873-1500-750x500.jpg 750w, https:\/\/www.salk.edu\/wp-content\/uploads\/2023\/02\/MG_3873-1500-767x511.jpg 767w, https:\/\/www.salk.edu\/wp-content\/uploads\/2023\/02\/MG_3873-1500-945x630.jpg 945w, https:\/\/www.salk.edu\/wp-content\/uploads\/2023\/02\/MG_3873-1500-1250x833.jpg 1250w, https:\/\/www.salk.edu\/wp-content\/uploads\/2023\/02\/MG_3873-1500-400x267.jpg 400w, https:\/\/www.salk.edu\/wp-content\/uploads\/2023\/02\/MG_3873-1500.jpg 1500w\" sizes=\"auto, (max-width: 300px) 100vw, 300px\" \/><figcaption class=\"wp-caption-text\">Pflanzenwurzeln sind der Schl\u00fcssel zur Harnessing Plants Initiative des Salk.<br \/><a href=\"https:\/\/www.salk.edu\/wp-content\/uploads\/2023\/02\/MG_3873-1500.jpg\">Klicken Sie hier<\/a> f\u00fcr ein hochaufl\u00f6sendes Bild.<br \/>Kredit: Salk Institut<\/figcaption><\/figure>\n<p>Das Salk Institute hat es sich zur Aufgabe gemacht, Pflanzen zu optimieren, um Kohlendioxid in der Atmosph\u00e4re zu reduzieren. Das HPI strebt die Schaffung einer skalierbaren L\u00f6sung f\u00fcr den Klimawandel an, indem es ein Pflanzenwachs namens Suberin nutzt, das in Wurzeln vorkommt. Durch die Erh\u00f6hung der Wurzelmasse, Tiefe und des Suberingehalts wollen die Forscher Weizen, Reis, Mais und andere Nutzpflanzen in Kohlenstoffspeichermaschinen verwandeln, eine Anstrengung, die auch die Bodengesundheit verbessern wird.<\/p>\n<p>\u201cEs ist au\u00dferordentlich wichtig, dass die Vereinigten Staaten an diesem globalen wissenschaftlichen Dialog \u00fcber den Klimawandel teilnehmen\u201d, sagt Busch, Exekutivdirektor des HPI und Inhaber des Hess Chair for Plant Science. \u201cDas HPI am Salk Institute hat uns erm\u00f6glicht, bemerkenswerte Fortschritte im Verst\u00e4ndnis dessen zu erzielen, wie wir die Pflanzenbiologieforschung nutzen k\u00f6nnen, um den Klimawandel zu bek\u00e4mpfen. Ich hoffe, unser Engagement bei PlantACT! inspiriert andere Pflanzenwissenschaftler dazu, die Pflanzenbiologie zur Milderung des Klimawandels einzusetzen und die Koalitionen aufzubauen, die wir brauchen, um diese globale Krise zu bew\u00e4ltigen.\u201d<\/p>\n<p><strong>Was:<\/strong> Podiumsdiskussion \"Aufbau einer widerstandsf\u00e4higen Gesellschaft\"<br \/>\n<strong>Wann<\/strong> 2. M\u00e4rz 2023 von 15:00 bis 17:00 Uhr PST<br \/>\n<strong>Wo: <\/strong>Deutsches Haus, 871 UN Plaza, New York City. Die Podiumsdiskussion wird aufgezeichnet und kann sp\u00e4ter angesehen werden <a href=\"https:\/\/www.youtube.com\/playlist?list=PLkCg3e67djg4S76X7EhlXLY2pvSH2VTbX\" target=\"_blank\" rel=\"noopener\">hier<\/a>.<br \/>\n<strong>Wer sollte teilnehmen: <\/strong>F\u00fcr die \u00d6ffentlichkeit zug\u00e4nglich<\/p>\n<p><strong>Melden Sie sich f\u00fcr das kostenlose \u00f6ffentliche Podiumsgespr\u00e4ch an, indem Sie die Veranstaltungswebseite besuchen <\/strong><a href=\"https:\/\/www.dwih-newyork.org\/en\/event\/plantact\/\" target=\"_blank\" rel=\"noopener\"><strong>hier<\/strong><\/a><strong>.<\/strong><\/p>","protected":false},"featured_media":38492,"template":"","faculty":[83,300],"disease-research":[450,125],"class_list":["post-38459","disclosure","type-disclosure","status-publish","has-post-thumbnail","hentry","faculty-joanne-chory","faculty-wolfgang-busch","disease-research-climate-change","disease-research-plant-biology"],"acf":[],"yoast_head":"<!-- This site is optimized with the Yoast SEO plugin v27.3 - https:\/\/yoast.com\/product\/yoast-seo-wordpress\/ -->\n<title>Salk Institute Professors Joanne Chory and Wolfgang Busch to speak at PlantACT! - Salk Institute for Biological Studies<\/title>\n<meta name=\"robots\" content=\"index, follow, max-snippet:-1, max-image-preview:large, max-video-preview:-1\" \/>\n<link rel=\"canonical\" href=\"https:\/\/www.salk.edu\/de\/news-release\/salk-institute-professors-joanne-chory-and-wolfgang-busch-to-speak-at-plantact\/\" \/>\n<meta property=\"og:locale\" content=\"de_DE\" \/>\n<meta property=\"og:type\" content=\"article\" \/>\n<meta property=\"og:title\" content=\"Salk Institute Professors Joanne Chory and Wolfgang Busch to speak at PlantACT! - Salk Institute for Biological Studies\" \/>\n<meta property=\"og:description\" content=\"LA JOLLA\u2014PlantACT! Plants for Climate Action, a European initiative founded to unite plant science experts in the effort to mitigate climate change, will welcome Salk Professors Joanne Chory and Wolfgang Busch to an upcoming two-day event in New York City. The event, called Growing a Resilient Society and hosted by the University of Cologne New York Office\u00a0and partners, will feature a free public panel discussion with Chory and an invite-only experts\u2019 workshop research presentation by Busch.\" \/>\n<meta property=\"og:url\" content=\"https:\/\/www.salk.edu\/de\/news-release\/salk-institute-professors-joanne-chory-and-wolfgang-busch-to-speak-at-plantact\/\" \/>\n<meta property=\"og:site_name\" content=\"Salk Institute for Biological Studies\" \/>\n<meta property=\"article:modified_time\" content=\"2024-01-30T22:17:37+00:00\" \/>\n<meta property=\"og:image\" content=\"https:\/\/www.salk.edu\/wp-content\/uploads\/2023\/02\/MG_3873-767.jpg\" \/>\n\t<meta property=\"og:image:width\" content=\"767\" \/>\n\t<meta property=\"og:image:height\" content=\"767\" \/>\n\t<meta property=\"og:image:type\" content=\"image\/jpeg\" \/>\n<meta name=\"twitter:card\" content=\"summary_large_image\" \/>\n<meta name=\"twitter:label1\" content=\"Est. reading time\" \/>\n\t<meta name=\"twitter:data1\" content=\"3 minutes\" \/>\n<script type=\"application\/ld+json\" class=\"yoast-schema-graph\">{\"@context\":\"https:\\\/\\\/schema.org\",\"@graph\":[{\"@type\":\"WebPage\",\"@id\":\"https:\\\/\\\/www.salk.edu\\\/news-release\\\/salk-institute-professors-joanne-chory-and-wolfgang-busch-to-speak-at-plantact\\\/\",\"url\":\"https:\\\/\\\/www.salk.edu\\\/news-release\\\/salk-institute-professors-joanne-chory-and-wolfgang-busch-to-speak-at-plantact\\\/\",\"name\":\"Salk Institute Professors Joanne Chory and Wolfgang Busch to speak at PlantACT! - Salk Institute for Biological Studies\",\"isPartOf\":{\"@id\":\"https:\\\/\\\/www.salk.edu\\\/#website\"},\"primaryImageOfPage\":{\"@id\":\"https:\\\/\\\/www.salk.edu\\\/news-release\\\/salk-institute-professors-joanne-chory-and-wolfgang-busch-to-speak-at-plantact\\\/#primaryimage\"},\"image\":{\"@id\":\"https:\\\/\\\/www.salk.edu\\\/news-release\\\/salk-institute-professors-joanne-chory-and-wolfgang-busch-to-speak-at-plantact\\\/#primaryimage\"},\"thumbnailUrl\":\"https:\\\/\\\/www.salk.edu\\\/wp-content\\\/uploads\\\/2023\\\/02\\\/MG_3873-767.jpg\",\"datePublished\":\"2023-02-24T08:00:24+00:00\",\"dateModified\":\"2024-01-30T22:17:37+00:00\",\"breadcrumb\":{\"@id\":\"https:\\\/\\\/www.salk.edu\\\/news-release\\\/salk-institute-professors-joanne-chory-and-wolfgang-busch-to-speak-at-plantact\\\/#breadcrumb\"},\"inLanguage\":\"de-DE\",\"potentialAction\":[{\"@type\":\"ReadAction\",\"target\":[\"https:\\\/\\\/www.salk.edu\\\/news-release\\\/salk-institute-professors-joanne-chory-and-wolfgang-busch-to-speak-at-plantact\\\/\"]}]},{\"@type\":\"ImageObject\",\"inLanguage\":\"de-DE\",\"@id\":\"https:\\\/\\\/www.salk.edu\\\/news-release\\\/salk-institute-professors-joanne-chory-and-wolfgang-busch-to-speak-at-plantact\\\/#primaryimage\",\"url\":\"https:\\\/\\\/www.salk.edu\\\/wp-content\\\/uploads\\\/2023\\\/02\\\/MG_3873-767.jpg\",\"contentUrl\":\"https:\\\/\\\/www.salk.edu\\\/wp-content\\\/uploads\\\/2023\\\/02\\\/MG_3873-767.jpg\",\"width\":767,\"height\":767,\"caption\":\"plant roots\"},{\"@type\":\"BreadcrumbList\",\"@id\":\"https:\\\/\\\/www.salk.edu\\\/news-release\\\/salk-institute-professors-joanne-chory-and-wolfgang-busch-to-speak-at-plantact\\\/#breadcrumb\",\"itemListElement\":[{\"@type\":\"ListItem\",\"position\":1,\"name\":\"Home\",\"item\":\"https:\\\/\\\/www.salk.edu\\\/\"},{\"@type\":\"ListItem\",\"position\":2,\"name\":\"Salk Institute Professors Joanne Chory and Wolfgang Busch to speak at PlantACT!\"}]},{\"@type\":\"WebSite\",\"@id\":\"https:\\\/\\\/www.salk.edu\\\/#website\",\"url\":\"https:\\\/\\\/www.salk.edu\\\/\",\"name\":\"Salk Institute for Biological Studies\",\"description\":\"The Power of Science\",\"publisher\":{\"@id\":\"https:\\\/\\\/www.salk.edu\\\/#organization\"},\"potentialAction\":[{\"@type\":\"SearchAction\",\"target\":{\"@type\":\"EntryPoint\",\"urlTemplate\":\"https:\\\/\\\/www.salk.edu\\\/?s={search_term_string}\"},\"query-input\":{\"@type\":\"PropertyValueSpecification\",\"valueRequired\":true,\"valueName\":\"search_term_string\"}}],\"inLanguage\":\"de-DE\"},{\"@type\":\"Organization\",\"@id\":\"https:\\\/\\\/www.salk.edu\\\/#organization\",\"name\":\"Salk Institute for Biological Studies\",\"url\":\"https:\\\/\\\/www.salk.edu\\\/\",\"logo\":{\"@type\":\"ImageObject\",\"inLanguage\":\"de-DE\",\"@id\":\"https:\\\/\\\/www.salk.edu\\\/#\\\/schema\\\/logo\\\/image\\\/\",\"url\":\"http:\\\/\\\/www.salk.edu\\\/wp-content\\\/uploads\\\/2023\\\/03\\\/salk_logo_696.jpg\",\"contentUrl\":\"http:\\\/\\\/www.salk.edu\\\/wp-content\\\/uploads\\\/2023\\\/03\\\/salk_logo_696.jpg\",\"width\":696,\"height\":696,\"caption\":\"Salk Institute for Biological Studies\"},\"image\":{\"@id\":\"https:\\\/\\\/www.salk.edu\\\/#\\\/schema\\\/logo\\\/image\\\/\"}}]}<\/script>\n<!-- \/ Yoast SEO plugin. -->","yoast_head_json":{"title":"Salk Institute Professors Joanne Chory and Wolfgang Busch to speak at PlantACT! - Salk Institute for Biological Studies","robots":{"index":"index","follow":"follow","max-snippet":"max-snippet:-1","max-image-preview":"max-image-preview:large","max-video-preview":"max-video-preview:-1"},"canonical":"https:\/\/www.salk.edu\/de\/news-release\/salk-institute-professors-joanne-chory-and-wolfgang-busch-to-speak-at-plantact\/","og_locale":"de_DE","og_type":"article","og_title":"Salk Institute Professors Joanne Chory and Wolfgang Busch to speak at PlantACT! - Salk Institute for Biological Studies","og_description":"LA JOLLA\u2014PlantACT! Plants for Climate Action, a European initiative founded to unite plant science experts in the effort to mitigate climate change, will welcome Salk Professors Joanne Chory and Wolfgang Busch to an upcoming two-day event in New York City. The event, called Growing a Resilient Society and hosted by the University of Cologne New York Office\u00a0and partners, will feature a free public panel discussion with Chory and an invite-only experts\u2019 workshop research presentation by Busch.","og_url":"https:\/\/www.salk.edu\/de\/news-release\/salk-institute-professors-joanne-chory-and-wolfgang-busch-to-speak-at-plantact\/","og_site_name":"Salk Institute for Biological Studies","article_modified_time":"2024-01-30T22:17:37+00:00","og_image":[{"width":767,"height":767,"url":"https:\/\/www.salk.edu\/wp-content\/uploads\/2023\/02\/MG_3873-767.jpg","type":"image\/jpeg"}],"twitter_card":"summary_large_image","twitter_misc":{"Est. reading time":"3 minutes"},"schema":{"@context":"https:\/\/schema.org","@graph":[{"@type":"WebPage","@id":"https:\/\/www.salk.edu\/news-release\/salk-institute-professors-joanne-chory-and-wolfgang-busch-to-speak-at-plantact\/","url":"https:\/\/www.salk.edu\/news-release\/salk-institute-professors-joanne-chory-and-wolfgang-busch-to-speak-at-plantact\/","name":"Salk Institute Professors Joanne Chory and Wolfgang Busch to speak at PlantACT! - Salk Institute for Biological Studies","isPartOf":{"@id":"https:\/\/www.salk.edu\/#website"},"primaryImageOfPage":{"@id":"https:\/\/www.salk.edu\/news-release\/salk-institute-professors-joanne-chory-and-wolfgang-busch-to-speak-at-plantact\/#primaryimage"},"image":{"@id":"https:\/\/www.salk.edu\/news-release\/salk-institute-professors-joanne-chory-and-wolfgang-busch-to-speak-at-plantact\/#primaryimage"},"thumbnailUrl":"https:\/\/www.salk.edu\/wp-content\/uploads\/2023\/02\/MG_3873-767.jpg","datePublished":"2023-02-24T08:00:24+00:00","dateModified":"2024-01-30T22:17:37+00:00","breadcrumb":{"@id":"https:\/\/www.salk.edu\/news-release\/salk-institute-professors-joanne-chory-and-wolfgang-busch-to-speak-at-plantact\/#breadcrumb"},"inLanguage":"de-DE","potentialAction":[{"@type":"ReadAction","target":["https:\/\/www.salk.edu\/news-release\/salk-institute-professors-joanne-chory-and-wolfgang-busch-to-speak-at-plantact\/"]}]},{"@type":"ImageObject","inLanguage":"de-DE","@id":"https:\/\/www.salk.edu\/news-release\/salk-institute-professors-joanne-chory-and-wolfgang-busch-to-speak-at-plantact\/#primaryimage","url":"https:\/\/www.salk.edu\/wp-content\/uploads\/2023\/02\/MG_3873-767.jpg","contentUrl":"https:\/\/www.salk.edu\/wp-content\/uploads\/2023\/02\/MG_3873-767.jpg","width":767,"height":767,"caption":"plant roots"},{"@type":"BreadcrumbList","@id":"https:\/\/www.salk.edu\/news-release\/salk-institute-professors-joanne-chory-and-wolfgang-busch-to-speak-at-plantact\/#breadcrumb","itemListElement":[{"@type":"ListItem","position":1,"name":"Home","item":"https:\/\/www.salk.edu\/"},{"@type":"ListItem","position":2,"name":"Salk Institute Professors Joanne Chory and Wolfgang Busch to speak at PlantACT!"}]},{"@type":"WebSite","@id":"https:\/\/www.salk.edu\/#website","url":"https:\/\/www.salk.edu\/","name":"Salk-Institut f\u00fcr biologische Studien","description":"Die Macht der Wissenschaft","publisher":{"@id":"https:\/\/www.salk.edu\/#organization"},"potentialAction":[{"@type":"SearchAction","target":{"@type":"EntryPoint","urlTemplate":"https:\/\/www.salk.edu\/?s={search_term_string}"},"query-input":{"@type":"PropertyValueSpecification","valueRequired":true,"valueName":"search_term_string"}}],"inLanguage":"de-DE"},{"@type":"Organization","@id":"https:\/\/www.salk.edu\/#organization","name":"Salk-Institut f\u00fcr biologische Studien","url":"https:\/\/www.salk.edu\/","logo":{"@type":"ImageObject","inLanguage":"de-DE","@id":"https:\/\/www.salk.edu\/#\/schema\/logo\/image\/","url":"http:\/\/www.salk.edu\/wp-content\/uploads\/2023\/03\/salk_logo_696.jpg","contentUrl":"http:\/\/www.salk.edu\/wp-content\/uploads\/2023\/03\/salk_logo_696.jpg","width":696,"height":696,"caption":"Salk Institute for Biological Studies"},"image":{"@id":"https:\/\/www.salk.edu\/#\/schema\/logo\/image\/"}}]}},"ACF":{"hero":"https:\/\/www.salk.edu\/wp-content\/uploads\/2023\/02\/MG_3873-header.jpg","line_1":"Salk Institute Professors Joanne Chory and Wolfgang Busch to speak at PlantACT!","line_2":"","poster_quote":"","paper_url":"","journal_title":"","paper_author_list":"","doi":"","paper_title":"","subhead":"","home_photo":"","listing_photo":"","legacy_boilerplate":[],"hide_boilerplate":[],"disable_date":false,"listing_excerpt":"","descriptive_blurb":"","has_journal_cover":false,"og_image_override":false,"gallery":false},"_links":{"self":[{"href":"https:\/\/www.salk.edu\/de\/wp-json\/wp\/v2\/disclosure\/38459","targetHints":{"allow":["GET"]}}],"collection":[{"href":"https:\/\/www.salk.edu\/de\/wp-json\/wp\/v2\/disclosure"}],"about":[{"href":"https:\/\/www.salk.edu\/de\/wp-json\/wp\/v2\/types\/disclosure"}],"version-history":[{"count":8,"href":"https:\/\/www.salk.edu\/de\/wp-json\/wp\/v2\/disclosure\/38459\/revisions"}],"predecessor-version":[{"id":44456,"href":"https:\/\/www.salk.edu\/de\/wp-json\/wp\/v2\/disclosure\/38459\/revisions\/44456"}],"wp:featuredmedia":[{"embeddable":true,"href":"https:\/\/www.salk.edu\/de\/wp-json\/wp\/v2\/media\/38492"}],"wp:attachment":[{"href":"https:\/\/www.salk.edu\/de\/wp-json\/wp\/v2\/media?parent=38459"}],"wp:term":[{"taxonomy":"faculty","embeddable":true,"href":"https:\/\/www.salk.edu\/de\/wp-json\/wp\/v2\/faculty?post=38459"},{"taxonomy":"disease-research","embeddable":true,"href":"https:\/\/www.salk.edu\/de\/wp-json\/wp\/v2\/disease-research?post=38459"}],"curies":[{"name":"WP","href":"https:\/\/api.w.org\/{rel}","templated":true}]}}